{"id":126,"date":"2017-11-02T05:38:52","date_gmt":"2017-11-02T05:38:52","guid":{"rendered":"http:\/\/mentesverdesecotur.co\/?page_id=126"},"modified":"2023-11-29T17:49:08","modified_gmt":"2023-11-29T17:49:08","slug":"conocenos","status":"publish","type":"page","link":"https:\/\/mentesverdesecotur.co\/en\/conocenos\/","title":{"rendered":"About us"},"content":{"rendered":"<div data-elementor-type=\"wp-page\" data-elementor-id=\"126\" class=\"elementor elementor-126\" data-elementor-post-type=\"page\">\n\t\t\t\t\t\t<section class=\"elementor-section elementor-top-section elementor-element elementor-element-96466d5 elementor-section-stretched elementor-section-full_width elementor-section-height-default elementor-section-height-default\" data-id=\"96466d5\" data-element_type=\"section\" data-e-type=\"section\" data-settings=\"{&quot;stretch_section&quot;:&quot;section-stretched&quot;}\">\n\t\t\t\t\t\t<div class=\"elementor-container elementor-column-gap-default\">\n\t\t\t\t\t<div class=\"elementor-column elementor-col-100 elementor-top-column elementor-element elementor-element-f65736e\" data-id=\"f65736e\" data-element_type=\"column\" data-e-type=\"column\">\n\t\t\t<div class=\"elementor-widget-wrap elementor-element-populated\">\n\t\t\t\t\t\t<div class=\"elementor-element elementor-element-e0a4c41 elementor-widget elementor-widget-video\" data-id=\"e0a4c41\" data-element_type=\"widget\" data-e-type=\"widget\" data-settings=\"{&quot;youtube_url&quot;:&quot;https:\\\/\\\/www.youtube.com\\\/watch?v=uB4c5TpumjA&quot;,&quot;autoplay&quot;:&quot;yes&quot;,&quot;play_on_mobile&quot;:&quot;yes&quot;,&quot;video_type&quot;:&quot;youtube&quot;,&quot;controls&quot;:&quot;yes&quot;}\" data-widget_type=\"video.default\">\n\t\t\t\t<div class=\"elementor-widget-container\">\n\t\t\t\t\t\t\t<div class=\"elementor-wrapper elementor-open-inline\">\n\t\t\t<div class=\"elementor-video\"><\/div>\t\t<\/div>\n\t\t\t\t\t\t<\/div>\n\t\t\t\t<\/div>\n\t\t\t\t\t<\/div>\n\t\t<\/div>\n\t\t\t\t\t<\/div>\n\t\t<\/section>\n\t\t\t\t<section class=\"elementor-section elementor-top-section elementor-element elementor-element-877a6d1 elementor-section-boxed elementor-section-height-default elementor-section-height-default\" data-id=\"877a6d1\" data-element_type=\"section\" data-e-type=\"section\">\n\t\t\t\t\t\t<div class=\"elementor-container elementor-column-gap-default\">\n\t\t\t\t\t<div class=\"elementor-column elementor-col-100 elementor-top-column elementor-element elementor-element-6473667\" data-id=\"6473667\" data-element_type=\"column\" data-e-type=\"column\">\n\t\t\t<div class=\"elementor-widget-wrap elementor-element-populated\">\n\t\t\t\t\t\t<div class=\"elementor-element elementor-element-970a737 elementor-widget elementor-widget-text-editor\" data-id=\"970a737\" data-element_type=\"widget\" data-e-type=\"widget\" data-widget_type=\"text-editor.default\">\n\t\t\t\t<div class=\"elementor-widget-container\">\n\t\t\t\t\t\t\t\t\t<p>Somos la agencia de turismo ecol\u00f3gico de la fundaciu\u00f3n Mentes Verdes que nace con la intenciu\u00f3n de comercializar de forma justa los servicios que ofrecen las diferentes comunidades en Colombia, promoviendo el emprendimiento local, el cuidado del ambiente, fortaleciendo las capacidades t\u00e9cnicas de los operadores en su territorio y ofreciendo todas las comodidades necesarias para el turista nacional y extranjero que quiere aportar a la conservaci\u00f3n del planeta. \u00a1Conoce, Vive y Sum\u00e9rgete en los paraisos naturales de Colombia!<\/p>\t\t\t\t\t\t\t\t<\/div>\n\t\t\t\t<\/div>\n\t\t\t\t\t<\/div>\n\t\t<\/div>\n\t\t\t\t\t<\/div>\n\t\t<\/section>\n\t\t\t\t<section class=\"elementor-section elementor-top-section elementor-element elementor-element-313aebe elementor-section-boxed elementor-section-height-default elementor-section-height-default\" data-id=\"313aebe\" data-element_type=\"section\" data-e-type=\"section\">\n\t\t\t\t\t\t<div class=\"elementor-container elementor-column-gap-default\">\n\t\t\t\t\t<div class=\"elementor-column elementor-col-100 elementor-top-column elementor-element elementor-element-29da174\" data-id=\"29da174\" data-element_type=\"column\" data-e-type=\"column\">\n\t\t\t<div class=\"elementor-widget-wrap elementor-element-populated\">\n\t\t\t\t\t\t<div class=\"elementor-element elementor-element-74e4345 elementor-widget elementor-widget-image\" data-id=\"74e4345\" data-element_type=\"widget\" data-e-type=\"widget\" data-widget_type=\"image.default\">\n\t\t\t\t<div class=\"elementor-widget-container\">\n\t\t\t\t\t\t\t\t\t\t\t\t\t\t\t<img fetchpriority=\"high\" decoding=\"async\" width=\"800\" height=\"626\" src=\"https:\/\/mentesverdesecotur.co\/wp-content\/uploads\/2023\/11\/certificado_rnt_mve_2017.jpg\" class=\"attachment-large size-large wp-image-1963\" alt=\"\" srcset=\"https:\/\/mentesverdesecotur.co\/wp-content\/uploads\/2023\/11\/certificado_rnt_mve_2017.jpg 1024w, https:\/\/mentesverdesecotur.co\/wp-content\/uploads\/2023\/11\/certificado_rnt_mve_2017-300x235.jpg 300w, https:\/\/mentesverdesecotur.co\/wp-content\/uploads\/2023\/11\/certificado_rnt_mve_2017-768x601.jpg 768w, https:\/\/mentesverdesecotur.co\/wp-content\/uploads\/2023\/11\/certificado_rnt_mve_2017-15x12.jpg 15w, https:\/\/mentesverdesecotur.co\/wp-content\/uploads\/2023\/11\/certificado_rnt_mve_2017-77x60.jpg 77w\" sizes=\"(max-width: 800px) 100vw, 800px\" \/>\t\t\t\t\t\t\t\t\t\t\t\t\t\t\t<\/div>\n\t\t\t\t<\/div>\n\t\t\t\t<div class=\"elementor-element elementor-element-0923c2b elementor-widget elementor-widget-text-editor\" data-id=\"0923c2b\" data-element_type=\"widget\" data-e-type=\"widget\" data-widget_type=\"text-editor.default\">\n\t\t\t\t<div class=\"elementor-widget-container\">\n\t\t\t\t\t\t\t\t\t<p>Ley 679 del 2001. Rechazamos la explotaci\u00f3n, pornograf\u00eda, turismo sexual y formas de abuso sexual con menores de edad.<\/p>\t\t\t\t\t\t\t\t<\/div>\n\t\t\t\t<\/div>\n\t\t\t\t\t<\/div>\n\t\t<\/div>\n\t\t\t\t\t<\/div>\n\t\t<\/section>\n\t\t\t\t<\/div>","protected":false},"excerpt":{"rendered":"<p>https:\/\/www.youtube.com\/watch?v=uB4c5TpumjA Somos la agencia de turismo ecol\u00f3gico de la fundaciu\u00f3n Mentes Verdes que nace con la intenciu\u00f3n de comercializar de forma justa los servicios que ofrecen las diferentes comunidades en Colombia, promoviendo el emprendimiento local, el cuidado del ambiente, fortaleciendo las capacidades t\u00e9cnicas de los operadores en su territorio y ofreciendo todas las comodidades necesarias [&hellip;]<\/p>\n","protected":false},"author":2,"featured_media":0,"parent":0,"menu_order":0,"comment_status":"closed","ping_status":"closed","template":"elementor_header_footer","meta":{"_joinchat":[],"footnotes":""},"class_list":["post-126","page","type-page","status-publish","hentry"],"yoast_head":"<!-- This site is optimized with the Yoast SEO plugin v27.5 - https:\/\/yoast.com\/product\/yoast-seo-wordpress\/ -->\n<title>Con\u00f3cenos - Mentes Verdes Ecotur<\/title>\n<meta name=\"robots\" content=\"index, follow, max-snippet:-1, max-image-preview:large, max-video-preview:-1\" \/>\n<link rel=\"canonical\" href=\"https:\/\/mentesverdesecotur.co\/en\/conocenos\/\" \/>\n<meta property=\"og:locale\" content=\"en_US\" \/>\n<meta property=\"og:type\" content=\"article\" \/>\n<meta property=\"og:title\" content=\"Con\u00f3cenos - Mentes Verdes Ecotur\" \/>\n<meta property=\"og:description\" content=\"https:\/\/www.youtube.com\/watch?v=uB4c5TpumjA Somos la agencia de turismo ecol\u00f3gico de la fundaciu\u00f3n Mentes Verdes que nace con la intenciu\u00f3n de comercializar de forma justa los servicios que ofrecen las diferentes comunidades en Colombia, promoviendo el emprendimiento local, el cuidado del ambiente, fortaleciendo las capacidades t\u00e9cnicas de los operadores en su territorio y ofreciendo todas las comodidades necesarias [&hellip;]\" \/>\n<meta property=\"og:url\" content=\"https:\/\/mentesverdesecotur.co\/en\/conocenos\/\" \/>\n<meta property=\"og:site_name\" content=\"Mentes Verdes Ecotur\" \/>\n<meta property=\"article:publisher\" content=\"https:\/\/www.facebook.com\/mentesverdesecotur\" \/>\n<meta property=\"article:modified_time\" content=\"2023-11-29T17:49:08+00:00\" \/>\n<meta property=\"og:image\" content=\"https:\/\/mentesverdesecotur.co\/wp-content\/uploads\/2023\/11\/certificado_rnt_mve_2017.jpg\" \/>\n<meta name=\"twitter:card\" content=\"summary_large_image\" \/>\n<meta name=\"twitter:label1\" content=\"Est. reading time\" \/>\n\t<meta name=\"twitter:data1\" content=\"1 minute\" \/>\n<script type=\"application\/ld+json\" class=\"yoast-schema-graph\">{\"@context\":\"https:\\\/\\\/schema.org\",\"@graph\":[{\"@type\":\"WebPage\",\"@id\":\"https:\\\/\\\/mentesverdesecotur.co\\\/en\\\/conocenos\\\/\",\"url\":\"https:\\\/\\\/mentesverdesecotur.co\\\/en\\\/conocenos\\\/\",\"name\":\"Con\u00f3cenos - Mentes Verdes Ecotur\",\"isPartOf\":{\"@id\":\"https:\\\/\\\/mentesverdesecotur.co\\\/#website\"},\"primaryImageOfPage\":{\"@id\":\"https:\\\/\\\/mentesverdesecotur.co\\\/en\\\/conocenos\\\/#primaryimage\"},\"image\":{\"@id\":\"https:\\\/\\\/mentesverdesecotur.co\\\/en\\\/conocenos\\\/#primaryimage\"},\"thumbnailUrl\":\"https:\\\/\\\/mentesverdesecotur.co\\\/wp-content\\\/uploads\\\/2023\\\/11\\\/certificado_rnt_mve_2017.jpg\",\"datePublished\":\"2017-11-02T05:38:52+00:00\",\"dateModified\":\"2023-11-29T17:49:08+00:00\",\"breadcrumb\":{\"@id\":\"https:\\\/\\\/mentesverdesecotur.co\\\/en\\\/conocenos\\\/#breadcrumb\"},\"inLanguage\":\"en-US\",\"potentialAction\":[{\"@type\":\"ReadAction\",\"target\":[\"https:\\\/\\\/mentesverdesecotur.co\\\/en\\\/conocenos\\\/\"]}]},{\"@type\":\"ImageObject\",\"inLanguage\":\"en-US\",\"@id\":\"https:\\\/\\\/mentesverdesecotur.co\\\/en\\\/conocenos\\\/#primaryimage\",\"url\":\"https:\\\/\\\/mentesverdesecotur.co\\\/wp-content\\\/uploads\\\/2023\\\/11\\\/certificado_rnt_mve_2017.jpg\",\"contentUrl\":\"https:\\\/\\\/mentesverdesecotur.co\\\/wp-content\\\/uploads\\\/2023\\\/11\\\/certificado_rnt_mve_2017.jpg\"},{\"@type\":\"BreadcrumbList\",\"@id\":\"https:\\\/\\\/mentesverdesecotur.co\\\/en\\\/conocenos\\\/#breadcrumb\",\"itemListElement\":[{\"@type\":\"ListItem\",\"position\":1,\"name\":\"Portada\",\"item\":\"https:\\\/\\\/mentesverdesecotur.co\\\/\"},{\"@type\":\"ListItem\",\"position\":2,\"name\":\"Con\u00f3cenos\"}]},{\"@type\":\"WebSite\",\"@id\":\"https:\\\/\\\/mentesverdesecotur.co\\\/#website\",\"url\":\"https:\\\/\\\/mentesverdesecotur.co\\\/\",\"name\":\"Mentes Verdes Ecotur\",\"description\":\"Agencia de ecoturismo comunitario en Colombia\",\"publisher\":{\"@id\":\"https:\\\/\\\/mentesverdesecotur.co\\\/#organization\"},\"potentialAction\":[{\"@type\":\"SearchAction\",\"target\":{\"@type\":\"EntryPoint\",\"urlTemplate\":\"https:\\\/\\\/mentesverdesecotur.co\\\/?s={search_term_string}\"},\"query-input\":{\"@type\":\"PropertyValueSpecification\",\"valueRequired\":true,\"valueName\":\"search_term_string\"}}],\"inLanguage\":\"en-US\"},{\"@type\":\"Organization\",\"@id\":\"https:\\\/\\\/mentesverdesecotur.co\\\/#organization\",\"name\":\"Mentes Verdes Ecotur\",\"url\":\"https:\\\/\\\/mentesverdesecotur.co\\\/\",\"logo\":{\"@type\":\"ImageObject\",\"inLanguage\":\"en-US\",\"@id\":\"https:\\\/\\\/mentesverdesecotur.co\\\/#\\\/schema\\\/logo\\\/image\\\/\",\"url\":\"https:\\\/\\\/mentesverdesecotur.co\\\/wp-content\\\/uploads\\\/2019\\\/11\\\/cropped-Logo-MENTESVERDES-ECOTUR-2017-200px.png\",\"contentUrl\":\"https:\\\/\\\/mentesverdesecotur.co\\\/wp-content\\\/uploads\\\/2019\\\/11\\\/cropped-Logo-MENTESVERDES-ECOTUR-2017-200px.png\",\"width\":200,\"height\":200,\"caption\":\"Mentes Verdes Ecotur\"},\"image\":{\"@id\":\"https:\\\/\\\/mentesverdesecotur.co\\\/#\\\/schema\\\/logo\\\/image\\\/\"},\"sameAs\":[\"https:\\\/\\\/www.facebook.com\\\/mentesverdesecotur\",\"https:\\\/\\\/www.instagram.com\\\/mentesverdesecotur\"]}]}<\/script>\n<!-- \/ Yoast SEO plugin. -->","yoast_head_json":{"title":"Con\u00f3cenos - Mentes Verdes Ecotur","robots":{"index":"index","follow":"follow","max-snippet":"max-snippet:-1","max-image-preview":"max-image-preview:large","max-video-preview":"max-video-preview:-1"},"canonical":"https:\/\/mentesverdesecotur.co\/en\/conocenos\/","og_locale":"en_US","og_type":"article","og_title":"Con\u00f3cenos - Mentes Verdes Ecotur","og_description":"https:\/\/www.youtube.com\/watch?v=uB4c5TpumjA Somos la agencia de turismo ecol\u00f3gico de la fundaciu\u00f3n Mentes Verdes que nace con la intenciu\u00f3n de comercializar de forma justa los servicios que ofrecen las diferentes comunidades en Colombia, promoviendo el emprendimiento local, el cuidado del ambiente, fortaleciendo las capacidades t\u00e9cnicas de los operadores en su territorio y ofreciendo todas las comodidades necesarias [&hellip;]","og_url":"https:\/\/mentesverdesecotur.co\/en\/conocenos\/","og_site_name":"Mentes Verdes Ecotur","article_publisher":"https:\/\/www.facebook.com\/mentesverdesecotur","article_modified_time":"2023-11-29T17:49:08+00:00","og_image":[{"url":"https:\/\/mentesverdesecotur.co\/wp-content\/uploads\/2023\/11\/certificado_rnt_mve_2017.jpg","type":"","width":"","height":""}],"twitter_card":"summary_large_image","twitter_misc":{"Est. reading time":"1 minute"},"schema":{"@context":"https:\/\/schema.org","@graph":[{"@type":"WebPage","@id":"https:\/\/mentesverdesecotur.co\/en\/conocenos\/","url":"https:\/\/mentesverdesecotur.co\/en\/conocenos\/","name":"Con\u00f3cenos - Mentes Verdes Ecotur","isPartOf":{"@id":"https:\/\/mentesverdesecotur.co\/#website"},"primaryImageOfPage":{"@id":"https:\/\/mentesverdesecotur.co\/en\/conocenos\/#primaryimage"},"image":{"@id":"https:\/\/mentesverdesecotur.co\/en\/conocenos\/#primaryimage"},"thumbnailUrl":"https:\/\/mentesverdesecotur.co\/wp-content\/uploads\/2023\/11\/certificado_rnt_mve_2017.jpg","datePublished":"2017-11-02T05:38:52+00:00","dateModified":"2023-11-29T17:49:08+00:00","breadcrumb":{"@id":"https:\/\/mentesverdesecotur.co\/en\/conocenos\/#breadcrumb"},"inLanguage":"en-US","potentialAction":[{"@type":"ReadAction","target":["https:\/\/mentesverdesecotur.co\/en\/conocenos\/"]}]},{"@type":"ImageObject","inLanguage":"en-US","@id":"https:\/\/mentesverdesecotur.co\/en\/conocenos\/#primaryimage","url":"https:\/\/mentesverdesecotur.co\/wp-content\/uploads\/2023\/11\/certificado_rnt_mve_2017.jpg","contentUrl":"https:\/\/mentesverdesecotur.co\/wp-content\/uploads\/2023\/11\/certificado_rnt_mve_2017.jpg"},{"@type":"BreadcrumbList","@id":"https:\/\/mentesverdesecotur.co\/en\/conocenos\/#breadcrumb","itemListElement":[{"@type":"ListItem","position":1,"name":"Portada","item":"https:\/\/mentesverdesecotur.co\/"},{"@type":"ListItem","position":2,"name":"Con\u00f3cenos"}]},{"@type":"WebSite","@id":"https:\/\/mentesverdesecotur.co\/#website","url":"https:\/\/mentesverdesecotur.co\/","name":"Mentes Verdes Ecotur","description":"Community-based ecotourism agency in Colombia","publisher":{"@id":"https:\/\/mentesverdesecotur.co\/#organization"},"potentialAction":[{"@type":"SearchAction","target":{"@type":"EntryPoint","urlTemplate":"https:\/\/mentesverdesecotur.co\/?s={search_term_string}"},"query-input":{"@type":"PropertyValueSpecification","valueRequired":true,"valueName":"search_term_string"}}],"inLanguage":"en-US"},{"@type":"Organization","@id":"https:\/\/mentesverdesecotur.co\/#organization","name":"Mentes Verdes Ecotur","url":"https:\/\/mentesverdesecotur.co\/","logo":{"@type":"ImageObject","inLanguage":"en-US","@id":"https:\/\/mentesverdesecotur.co\/#\/schema\/logo\/image\/","url":"https:\/\/mentesverdesecotur.co\/wp-content\/uploads\/2019\/11\/cropped-Logo-MENTESVERDES-ECOTUR-2017-200px.png","contentUrl":"https:\/\/mentesverdesecotur.co\/wp-content\/uploads\/2019\/11\/cropped-Logo-MENTESVERDES-ECOTUR-2017-200px.png","width":200,"height":200,"caption":"Mentes Verdes Ecotur"},"image":{"@id":"https:\/\/mentesverdesecotur.co\/#\/schema\/logo\/image\/"},"sameAs":["https:\/\/www.facebook.com\/mentesverdesecotur","https:\/\/www.instagram.com\/mentesverdesecotur"]}]}},"jetpack-related-posts":[],"jetpack_sharing_enabled":true,"_links":{"self":[{"href":"https:\/\/mentesverdesecotur.co\/en\/wp-json\/wp\/v2\/pages\/126","targetHints":{"allow":["GET"]}}],"collection":[{"href":"https:\/\/mentesverdesecotur.co\/en\/wp-json\/wp\/v2\/pages"}],"about":[{"href":"https:\/\/mentesverdesecotur.co\/en\/wp-json\/wp\/v2\/types\/page"}],"author":[{"embeddable":true,"href":"https:\/\/mentesverdesecotur.co\/en\/wp-json\/wp\/v2\/users\/2"}],"replies":[{"embeddable":true,"href":"https:\/\/mentesverdesecotur.co\/en\/wp-json\/wp\/v2\/comments?post=126"}],"version-history":[{"count":0,"href":"https:\/\/mentesverdesecotur.co\/en\/wp-json\/wp\/v2\/pages\/126\/revisions"}],"wp:attachment":[{"href":"https:\/\/mentesverdesecotur.co\/en\/wp-json\/wp\/v2\/media?parent=126"}],"curies":[{"name":"wp","href":"https:\/\/api.w.org\/{rel}","templated":true}]}}